{"id":1016,"date":"2026-02-25T08:04:29","date_gmt":"2026-02-25T08:04:29","guid":{"rendered":"https:\/\/demo.schreinerei-stroeber.de\/?page_id=1016"},"modified":"2026-02-26T10:06:39","modified_gmt":"2026-02-26T10:06:39","slug":"innentueren","status":"publish","type":"page","link":"https:\/\/www.schreinerei-stroeber.de\/index.php\/innentueren\/","title":{"rendered":"Innent\u00fcren"},"content":{"rendered":"\t\t<div data-elementor-type=\"wp-page\" data-elementor-id=\"1016\" class=\"elementor elementor-1016\" data-elementor-post-type=\"page\">\n\t\t\t\t\t\t<section class=\"elementor-section elementor-top-section elementor-element elementor-element-9933c2f elementor-section-height-min-height elementor-section-boxed elementor-section-height-default elementor-section-items-middle\" data-id=\"9933c2f\" data-element_type=\"section\" data-e-type=\"section\" id=\"modern\" data-settings=\"{&quot;background_background&quot;:&quot;classic&quot;}\">\n\t\t\t\t\t\t\t<div class=\"elementor-background-overlay\"><\/div>\n\t\t\t\t\t\t\t<div class=\"elementor-container elementor-column-gap-default\">\n\t\t\t\t\t<div class=\"elementor-column elementor-col-50 elementor-top-column elementor-element elementor-element-c8bb362\" data-id=\"c8bb362\" data-element_type=\"column\" data-e-type=\"column\" data-settings=\"{&quot;motion_fx_motion_fx_scrolling&quot;:&quot;yes&quot;,&quot;motion_fx_translateY_effect&quot;:&quot;yes&quot;,&quot;motion_fx_translateY_speed&quot;:{&quot;unit&quot;:&quot;px&quot;,&quot;size&quot;:3.7,&quot;sizes&quot;:[]},&quot;motion_fx_devices&quot;:[&quot;desktop&quot;,&quot;tablet&quot;],&quot;motion_fx_translateY_affectedRange&quot;:{&quot;unit&quot;:&quot;%&quot;,&quot;size&quot;:&quot;&quot;,&quot;sizes&quot;:{&quot;start&quot;:0,&quot;end&quot;:100}}}\">\n\t\t\t<div class=\"elementor-widget-wrap elementor-element-populated\">\n\t\t\t\t\t\t<div class=\"elementor-element elementor-element-f69b652 elementor-invisible elementor-widget elementor-widget-heading\" data-id=\"f69b652\" data-element_type=\"widget\" data-e-type=\"widget\" data-settings=\"{&quot;_animation&quot;:&quot;fadeInDown&quot;,&quot;_animation_delay&quot;:500}\" data-widget_type=\"heading.default\">\n\t\t\t\t\t<h2 class=\"elementor-heading-title elementor-size-default\">Zimmert\u00fcren<\/h2>\t\t\t\t<\/div>\n\t\t\t\t<div class=\"elementor-element elementor-element-f3455c2 elementor-invisible elementor-widget elementor-widget-text-editor\" data-id=\"f3455c2\" data-element_type=\"widget\" data-e-type=\"widget\" data-settings=\"{&quot;_animation&quot;:&quot;fadeInDown&quot;,&quot;_animation_delay&quot;:800}\" data-widget_type=\"text-editor.default\">\n\t\t\t\t\t\t\t\t\t<p>Zimmert\u00fcren pr\u00e4gen ma\u00dfgeblich den Stil Ihrer Wohnr\u00e4ume. Ob klassisch oder modern \u2013 Sie entscheiden, welche T\u00fcren zu Ihren vier W\u00e4nden passen. Die Schreinerei Str\u00f6ber bietet Ihnen eine gro\u00dfe Auswahl an Modellen in verschiedenen Designs und Preisklassen. Besonders gefragt sind moderne T\u00fcren mit naturbelassener Holzoberfl\u00e4che. Holz \u00fcberzeugt dabei nicht nur optisch, sondern auch durch seine bautechnischen Vorteile. Daher setzen wir vorwiegend auf dieses regenerative Material. Ob naturbelassen oder lackiert, mit oder ohne Glas \u2013 sprechen Sie uns an, wir erf\u00fcllen Ihren T\u00fcrenwunsch.<\/p>\t\t\t\t\t\t\t\t<\/div>\n\t\t\t\t\t<\/div>\n\t\t<\/div>\n\t\t\t\t<div class=\"elementor-column elementor-col-50 elementor-top-column elementor-element elementor-element-745c3ef\" data-id=\"745c3ef\" data-element_type=\"column\" data-e-type=\"column\">\n\t\t\t<div class=\"elementor-widget-wrap\">\n\t\t\t\t\t\t\t<\/div>\n\t\t<\/div>\n\t\t\t\t\t<\/div>\n\t\t<\/section>\n\t\t\t\t<section class=\"elementor-section elementor-top-section elementor-element elementor-element-63585e5 elementor-section-boxed elementor-section-height-default elementor-section-height-default\" data-id=\"63585e5\" data-element_type=\"section\" data-e-type=\"section\" data-settings=\"{&quot;background_background&quot;:&quot;gradient&quot;}\">\n\t\t\t\t\t\t\t<div class=\"elementor-background-overlay\"><\/div>\n\t\t\t\t\t\t\t<div class=\"elementor-container elementor-column-gap-default\">\n\t\t\t\t\t<div class=\"elementor-column elementor-col-100 elementor-top-column elementor-element elementor-element-5dbf6c4\" data-id=\"5dbf6c4\" data-element_type=\"column\" data-e-type=\"column\" data-settings=\"{&quot;motion_fx_motion_fx_scrolling&quot;:&quot;yes&quot;,&quot;motion_fx_devices&quot;:[&quot;desktop&quot;,&quot;tablet&quot;,&quot;mobile&quot;]}\">\n\t\t\t<div class=\"elementor-widget-wrap elementor-element-populated\">\n\t\t\t\t\t\t<div class=\"elementor-element elementor-element-a729cd7 elementor-widget elementor-widget-gallery\" data-id=\"a729cd7\" data-element_type=\"widget\" data-e-type=\"widget\" data-settings=\"{&quot;gallery_layout&quot;:&quot;justified&quot;,&quot;ideal_row_height&quot;:{&quot;unit&quot;:&quot;px&quot;,&quot;size&quot;:436,&quot;sizes&quot;:[]},&quot;overlay_title&quot;:&quot;title&quot;,&quot;overlay_description&quot;:&quot;description&quot;,&quot;ideal_row_height_tablet&quot;:{&quot;unit&quot;:&quot;px&quot;,&quot;size&quot;:341,&quot;sizes&quot;:[]},&quot;gap&quot;:{&quot;unit&quot;:&quot;px&quot;,&quot;size&quot;:20,&quot;sizes&quot;:[]},&quot;gap_tablet&quot;:{&quot;unit&quot;:&quot;px&quot;,&quot;size&quot;:20,&quot;sizes&quot;:[]},&quot;ideal_row_height_mobile&quot;:{&quot;unit&quot;:&quot;px&quot;,&quot;size&quot;:290,&quot;sizes&quot;:[]},&quot;lazyload&quot;:&quot;yes&quot;,&quot;gap_mobile&quot;:{&quot;unit&quot;:&quot;px&quot;,&quot;size&quot;:10,&quot;sizes&quot;:[]},&quot;link_to&quot;:&quot;file&quot;,&quot;overlay_background&quot;:&quot;yes&quot;,&quot;content_hover_animation&quot;:&quot;fade-in&quot;}\" data-widget_type=\"gallery.default\">\n\t\t\t\t\t\t\t<div class=\"elementor-gallery__container\">\n\t\t\t\t\t\t\t<a class=\"e-gallery-item elementor-gallery-item elementor-animated-content\" href=\"https:\/\/www.schreinerei-stroeber.de\/wp-content\/uploads\/2026\/02\/Innentueren-low_0000_F02-e1772009156959.jpg\" data-elementor-open-lightbox=\"yes\" data-elementor-lightbox-slideshow=\"a729cd7\" data-elementor-lightbox-title=\"Modell: F02\" data-elementor-lightbox-description=\"Holzart: Alteiche quer&lt;br&gt;\nOberfl\u00e4che: Natur&lt;br&gt;\nDr\u00fccker: L12&lt;br&gt;\nGlas: Matras Silk\" data-e-action-hash=\"#elementor-action%3Aaction%3Dlightbox%26settings%3DeyJpZCI6MTAyMiwidXJsIjoiaHR0cHM6XC9cL3d3dy5zY2hyZWluZXJlaS1zdHJvZWJlci5kZVwvd3AtY29udGVudFwvdXBsb2Fkc1wvMjAyNlwvMDJcL0lubmVudHVlcmVuLWxvd18wMDAwX0YwMi1lMTc3MjAwOTE1Njk1OS5qcGciLCJzbGlkZXNob3ciOiJhNzI5Y2Q3In0%3D\">\n\t\t\t\t\t<div class=\"e-gallery-image elementor-gallery-item__image\" data-thumbnail=\"https:\/\/www.schreinerei-stroeber.de\/wp-content\/uploads\/2026\/02\/Innentueren-low_0000_F02-e1772009156959.jpg\" data-width=\"635\" data-height=\"1275\" aria-label=\"\" role=\"img\" ><\/div>\n\t\t\t\t\t\t\t\t\t\t\t<div class=\"elementor-gallery-item__overlay\"><\/div>\n\t\t\t\t\t\t\t\t\t\t\t\t\t\t\t<div class=\"elementor-gallery-item__content\">\n\t\t\t\t\t\t\t\t\t\t\t\t\t\t<div class=\"elementor-gallery-item__title\">\n\t\t\t\t\t\t\t\t\t\t\t\t\t\t\t\t\t\tModell: F02\t\t\t\t\t\t\t\t<\/div>\n\t\t\t\t\t\t\t\t\t\t\t\t\t\t\t<div class=\"elementor-gallery-item__description\">\n\t\t\t\t\t\t\t\t\t\t\t\t\t\t\t\t\t\tHolzart: Alteiche quer<br>\nOberfl\u00e4che: Natur<br>\nDr\u00fccker: L12<br>\nGlas: Matras Silk\t\t\t\t\t\t\t\t<\/div>\n\t\t\t\t\t\t\t\t\t\t\t\t<\/div>\n\t\t\t\t\t\t\t\t\t<\/a>\n\t\t\t\t\t\t\t<a class=\"e-gallery-item elementor-gallery-item elementor-animated-content\" href=\"https:\/\/www.schreinerei-stroeber.de\/wp-content\/uploads\/2026\/02\/Innentueren-low_0001_F0-e1772009110163.jpg\" data-elementor-open-lightbox=\"yes\" data-elementor-lightbox-slideshow=\"a729cd7\" data-elementor-lightbox-title=\"Modell: F0\" data-elementor-lightbox-description=\"Holzart: Alteiche quer&lt;br&gt;\nOberfl\u00e4che: Natur&lt;br&gt;\nDr\u00fccker: L12\" data-e-action-hash=\"#elementor-action%3Aaction%3Dlightbox%26settings%3DeyJpZCI6MTAyMywidXJsIjoiaHR0cHM6XC9cL3d3dy5zY2hyZWluZXJlaS1zdHJvZWJlci5kZVwvd3AtY29udGVudFwvdXBsb2Fkc1wvMjAyNlwvMDJcL0lubmVudHVlcmVuLWxvd18wMDAxX0YwLWUxNzcyMDA5MTEwMTYzLmpwZyIsInNsaWRlc2hvdyI6ImE3MjljZDcifQ%3D%3D\">\n\t\t\t\t\t<div class=\"e-gallery-image elementor-gallery-item__image\" data-thumbnail=\"https:\/\/www.schreinerei-stroeber.de\/wp-content\/uploads\/2026\/02\/Innentueren-low_0001_F0-e1772009110163.jpg\" data-width=\"635\" data-height=\"1275\" aria-label=\"\" role=\"img\" ><\/div>\n\t\t\t\t\t\t\t\t\t\t\t<div class=\"elementor-gallery-item__overlay\"><\/div>\n\t\t\t\t\t\t\t\t\t\t\t\t\t\t\t<div class=\"elementor-gallery-item__content\">\n\t\t\t\t\t\t\t\t\t\t\t\t\t\t<div class=\"elementor-gallery-item__title\">\n\t\t\t\t\t\t\t\t\t\t\t\t\t\t\t\t\t\tModell: F0\t\t\t\t\t\t\t\t<\/div>\n\t\t\t\t\t\t\t\t\t\t\t\t\t\t\t<div class=\"elementor-gallery-item__description\">\n\t\t\t\t\t\t\t\t\t\t\t\t\t\t\t\t\t\tHolzart: Alteiche quer<br>\nOberfl\u00e4che: Natur<br>\nDr\u00fccker: L12\t\t\t\t\t\t\t\t<\/div>\n\t\t\t\t\t\t\t\t\t\t\t\t<\/div>\n\t\t\t\t\t\t\t\t\t<\/a>\n\t\t\t\t\t\t\t<a class=\"e-gallery-item elementor-gallery-item elementor-animated-content\" href=\"https:\/\/www.schreinerei-stroeber.de\/wp-content\/uploads\/2026\/02\/Innentueren-low_0002_F2LA3-e1772009035343.jpg\" data-elementor-open-lightbox=\"yes\" data-elementor-lightbox-slideshow=\"a729cd7\" data-elementor-lightbox-title=\"Modell: F2LA3\" data-elementor-lightbox-description=\"Holzart: Eiche \/ Asteiche&lt;br&gt;\nOberfl\u00e4che: Natur&lt;br&gt;\nDr\u00fccker: L12&lt;br&gt;\nGlas: Uadi\" data-e-action-hash=\"#elementor-action%3Aaction%3Dlightbox%26settings%3DeyJpZCI6MTAyNCwidXJsIjoiaHR0cHM6XC9cL3d3dy5zY2hyZWluZXJlaS1zdHJvZWJlci5kZVwvd3AtY29udGVudFwvdXBsb2Fkc1wvMjAyNlwvMDJcL0lubmVudHVlcmVuLWxvd18wMDAyX0YyTEEzLWUxNzcyMDA5MDM1MzQzLmpwZyIsInNsaWRlc2hvdyI6ImE3MjljZDcifQ%3D%3D\">\n\t\t\t\t\t<div class=\"e-gallery-image elementor-gallery-item__image\" data-thumbnail=\"https:\/\/www.schreinerei-stroeber.de\/wp-content\/uploads\/2026\/02\/Innentueren-low_0002_F2LA3-e1772009035343.jpg\" data-width=\"635\" data-height=\"1275\" aria-label=\"\" role=\"img\" ><\/div>\n\t\t\t\t\t\t\t\t\t\t\t<div class=\"elementor-gallery-item__overlay\"><\/div>\n\t\t\t\t\t\t\t\t\t\t\t\t\t\t\t<div class=\"elementor-gallery-item__content\">\n\t\t\t\t\t\t\t\t\t\t\t\t\t\t<div class=\"elementor-gallery-item__title\">\n\t\t\t\t\t\t\t\t\t\t\t\t\t\t\t\t\t\tModell: F2LA3\t\t\t\t\t\t\t\t<\/div>\n\t\t\t\t\t\t\t\t\t\t\t\t\t\t\t<div class=\"elementor-gallery-item__description\">\n\t\t\t\t\t\t\t\t\t\t\t\t\t\t\t\t\t\tHolzart: Eiche \/ Asteiche<br>\nOberfl\u00e4che: Natur<br>\nDr\u00fccker: L12<br>\nGlas: Uadi\t\t\t\t\t\t\t\t<\/div>\n\t\t\t\t\t\t\t\t\t\t\t\t<\/div>\n\t\t\t\t\t\t\t\t\t<\/a>\n\t\t\t\t\t\t\t<a class=\"e-gallery-item elementor-gallery-item elementor-animated-content\" href=\"https:\/\/www.schreinerei-stroeber.de\/wp-content\/uploads\/2026\/02\/Innentueren-low_0003_F1-2-e1772008984300.jpg\" data-elementor-open-lightbox=\"yes\" data-elementor-lightbox-slideshow=\"a729cd7\" data-elementor-lightbox-title=\"Modell: F1-2\" data-elementor-lightbox-description=\"Holzart: Eiche&lt;br&gt;\nOberfl\u00e4che: Natur&lt;br&gt;\nDr\u00fccker: L13\" data-e-action-hash=\"#elementor-action%3Aaction%3Dlightbox%26settings%3DeyJpZCI6MTAyNSwidXJsIjoiaHR0cHM6XC9cL3d3dy5zY2hyZWluZXJlaS1zdHJvZWJlci5kZVwvd3AtY29udGVudFwvdXBsb2Fkc1wvMjAyNlwvMDJcL0lubmVudHVlcmVuLWxvd18wMDAzX0YxLTItZTE3NzIwMDg5ODQzMDAuanBnIiwic2xpZGVzaG93IjoiYTcyOWNkNyJ9\">\n\t\t\t\t\t<div class=\"e-gallery-image elementor-gallery-item__image\" data-thumbnail=\"https:\/\/www.schreinerei-stroeber.de\/wp-content\/uploads\/2026\/02\/Innentueren-low_0003_F1-2-e1772008984300.jpg\" data-width=\"635\" data-height=\"1275\" aria-label=\"\" role=\"img\" ><\/div>\n\t\t\t\t\t\t\t\t\t\t\t<div class=\"elementor-gallery-item__overlay\"><\/div>\n\t\t\t\t\t\t\t\t\t\t\t\t\t\t\t<div class=\"elementor-gallery-item__content\">\n\t\t\t\t\t\t\t\t\t\t\t\t\t\t<div class=\"elementor-gallery-item__title\">\n\t\t\t\t\t\t\t\t\t\t\t\t\t\t\t\t\t\tModell: F1-2\t\t\t\t\t\t\t\t<\/div>\n\t\t\t\t\t\t\t\t\t\t\t\t\t\t\t<div class=\"elementor-gallery-item__description\">\n\t\t\t\t\t\t\t\t\t\t\t\t\t\t\t\t\t\tHolzart: Eiche<br>\nOberfl\u00e4che: Natur<br>\nDr\u00fccker: L13\t\t\t\t\t\t\t\t<\/div>\n\t\t\t\t\t\t\t\t\t\t\t\t<\/div>\n\t\t\t\t\t\t\t\t\t<\/a>\n\t\t\t\t\t\t\t<a class=\"e-gallery-item elementor-gallery-item elementor-animated-content\" href=\"https:\/\/www.schreinerei-stroeber.de\/wp-content\/uploads\/2026\/02\/Innentueren-low_0004_F1-LA4-e1772008926822.jpg\" data-elementor-open-lightbox=\"yes\" data-elementor-lightbox-slideshow=\"a729cd7\" data-elementor-lightbox-title=\"Modell: F1-LA4\" data-elementor-lightbox-description=\"Holzart: Eiche&lt;br&gt;\nOberfl\u00e4che: Natur&lt;br&gt;\nDr\u00fccker: L13&lt;br&gt;\nGlas: Altdeutsch\" data-e-action-hash=\"#elementor-action%3Aaction%3Dlightbox%26settings%3DeyJpZCI6MTAyNiwidXJsIjoiaHR0cHM6XC9cL3d3dy5zY2hyZWluZXJlaS1zdHJvZWJlci5kZVwvd3AtY29udGVudFwvdXBsb2Fkc1wvMjAyNlwvMDJcL0lubmVudHVlcmVuLWxvd18wMDA0X0YxLUxBNC1lMTc3MjAwODkyNjgyMi5qcGciLCJzbGlkZXNob3ciOiJhNzI5Y2Q3In0%3D\">\n\t\t\t\t\t<div class=\"e-gallery-image elementor-gallery-item__image\" data-thumbnail=\"https:\/\/www.schreinerei-stroeber.de\/wp-content\/uploads\/2026\/02\/Innentueren-low_0004_F1-LA4-e1772008926822.jpg\" data-width=\"635\" data-height=\"1275\" aria-label=\"\" role=\"img\" ><\/div>\n\t\t\t\t\t\t\t\t\t\t\t<div class=\"elementor-gallery-item__overlay\"><\/div>\n\t\t\t\t\t\t\t\t\t\t\t\t\t\t\t<div class=\"elementor-gallery-item__content\">\n\t\t\t\t\t\t\t\t\t\t\t\t\t\t<div class=\"elementor-gallery-item__title\">\n\t\t\t\t\t\t\t\t\t\t\t\t\t\t\t\t\t\tModell: F1-LA4\t\t\t\t\t\t\t\t<\/div>\n\t\t\t\t\t\t\t\t\t\t\t\t\t\t\t<div class=\"elementor-gallery-item__description\">\n\t\t\t\t\t\t\t\t\t\t\t\t\t\t\t\t\t\tHolzart: Eiche<br>\nOberfl\u00e4che: Natur<br>\nDr\u00fccker: L13<br>\nGlas: Altdeutsch\t\t\t\t\t\t\t\t<\/div>\n\t\t\t\t\t\t\t\t\t\t\t\t<\/div>\n\t\t\t\t\t\t\t\t\t<\/a>\n\t\t\t\t\t\t\t<a class=\"e-gallery-item elementor-gallery-item elementor-animated-content\" href=\"https:\/\/www.schreinerei-stroeber.de\/wp-content\/uploads\/2026\/02\/Innentueren-low_0005_F2-2-e1772008872583.jpg\" data-elementor-open-lightbox=\"yes\" data-elementor-lightbox-slideshow=\"a729cd7\" data-elementor-lightbox-title=\"Modell: F2\" data-elementor-lightbox-description=\"Holzart: Kernesche&lt;br&gt;\nOberfl\u00e4che: Natur\" data-e-action-hash=\"#elementor-action%3Aaction%3Dlightbox%26settings%3DeyJpZCI6MTAyNywidXJsIjoiaHR0cHM6XC9cL3d3dy5zY2hyZWluZXJlaS1zdHJvZWJlci5kZVwvd3AtY29udGVudFwvdXBsb2Fkc1wvMjAyNlwvMDJcL0lubmVudHVlcmVuLWxvd18wMDA1X0YyLTItZTE3NzIwMDg4NzI1ODMuanBnIiwic2xpZGVzaG93IjoiYTcyOWNkNyJ9\">\n\t\t\t\t\t<div class=\"e-gallery-image elementor-gallery-item__image\" data-thumbnail=\"https:\/\/www.schreinerei-stroeber.de\/wp-content\/uploads\/2026\/02\/Innentueren-low_0005_F2-2-e1772008872583.jpg\" data-width=\"635\" data-height=\"1275\" aria-label=\"\" role=\"img\" ><\/div>\n\t\t\t\t\t\t\t\t\t\t\t<div class=\"elementor-gallery-item__overlay\"><\/div>\n\t\t\t\t\t\t\t\t\t\t\t\t\t\t\t<div class=\"elementor-gallery-item__content\">\n\t\t\t\t\t\t\t\t\t\t\t\t\t\t<div class=\"elementor-gallery-item__title\">\n\t\t\t\t\t\t\t\t\t\t\t\t\t\t\t\t\t\tModell: F2\t\t\t\t\t\t\t\t<\/div>\n\t\t\t\t\t\t\t\t\t\t\t\t\t\t\t<div class=\"elementor-gallery-item__description\">\n\t\t\t\t\t\t\t\t\t\t\t\t\t\t\t\t\t\tHolzart: Kernesche<br>\nOberfl\u00e4che: Natur\t\t\t\t\t\t\t\t<\/div>\n\t\t\t\t\t\t\t\t\t\t\t\t<\/div>\n\t\t\t\t\t\t\t\t\t<\/a>\n\t\t\t\t\t\t\t<a class=\"e-gallery-item elementor-gallery-item elementor-animated-content\" href=\"https:\/\/www.schreinerei-stroeber.de\/wp-content\/uploads\/2026\/02\/Innentueren-low_0006_F1_1-e1772008816539.jpg\" data-elementor-open-lightbox=\"yes\" data-elementor-lightbox-slideshow=\"a729cd7\" data-elementor-lightbox-title=\"Modell: F1-2\" data-elementor-lightbox-description=\"Holzart: Fichte&lt;br&gt;\nOberfl\u00e4che: Natur\" data-e-action-hash=\"#elementor-action%3Aaction%3Dlightbox%26settings%3DeyJpZCI6MTAyOCwidXJsIjoiaHR0cHM6XC9cL3d3dy5zY2hyZWluZXJlaS1zdHJvZWJlci5kZVwvd3AtY29udGVudFwvdXBsb2Fkc1wvMjAyNlwvMDJcL0lubmVudHVlcmVuLWxvd18wMDA2X0YxXzEtZTE3NzIwMDg4MTY1MzkuanBnIiwic2xpZGVzaG93IjoiYTcyOWNkNyJ9\">\n\t\t\t\t\t<div class=\"e-gallery-image elementor-gallery-item__image\" data-thumbnail=\"https:\/\/www.schreinerei-stroeber.de\/wp-content\/uploads\/2026\/02\/Innentueren-low_0006_F1_1-e1772008816539.jpg\" data-width=\"635\" data-height=\"1275\" aria-label=\"\" role=\"img\" ><\/div>\n\t\t\t\t\t\t\t\t\t\t\t<div class=\"elementor-gallery-item__overlay\"><\/div>\n\t\t\t\t\t\t\t\t\t\t\t\t\t\t\t<div class=\"elementor-gallery-item__content\">\n\t\t\t\t\t\t\t\t\t\t\t\t\t\t<div class=\"elementor-gallery-item__title\">\n\t\t\t\t\t\t\t\t\t\t\t\t\t\t\t\t\t\tModell: F1-2\t\t\t\t\t\t\t\t<\/div>\n\t\t\t\t\t\t\t\t\t\t\t\t\t\t\t<div class=\"elementor-gallery-item__description\">\n\t\t\t\t\t\t\t\t\t\t\t\t\t\t\t\t\t\tHolzart: Fichte<br>\nOberfl\u00e4che: Natur\t\t\t\t\t\t\t\t<\/div>\n\t\t\t\t\t\t\t\t\t\t\t\t<\/div>\n\t\t\t\t\t\t\t\t\t<\/a>\n\t\t\t\t\t\t\t<a class=\"e-gallery-item elementor-gallery-item elementor-animated-content\" href=\"https:\/\/www.schreinerei-stroeber.de\/wp-content\/uploads\/2026\/02\/Innentueren-low_0007_-e1772008761682.jpg\" data-elementor-open-lightbox=\"yes\" data-elementor-lightbox-slideshow=\"a729cd7\" data-elementor-lightbox-title=\"Modell: F1\" data-elementor-lightbox-description=\"Holzart: Eiche \/ Asteiche&lt;br&gt;\nOberfl\u00e4che: Natur&lt;br&gt;\nDr\u00fccker: R7\" data-e-action-hash=\"#elementor-action%3Aaction%3Dlightbox%26settings%3DeyJpZCI6MTAyOSwidXJsIjoiaHR0cHM6XC9cL3d3dy5zY2hyZWluZXJlaS1zdHJvZWJlci5kZVwvd3AtY29udGVudFwvdXBsb2Fkc1wvMjAyNlwvMDJcL0lubmVudHVlcmVuLWxvd18wMDA3Xy1lMTc3MjAwODc2MTY4Mi5qcGciLCJzbGlkZXNob3ciOiJhNzI5Y2Q3In0%3D\">\n\t\t\t\t\t<div class=\"e-gallery-image elementor-gallery-item__image\" data-thumbnail=\"https:\/\/www.schreinerei-stroeber.de\/wp-content\/uploads\/2026\/02\/Innentueren-low_0007_-e1772008761682.jpg\" data-width=\"635\" data-height=\"1275\" aria-label=\"\" role=\"img\" ><\/div>\n\t\t\t\t\t\t\t\t\t\t\t<div class=\"elementor-gallery-item__overlay\"><\/div>\n\t\t\t\t\t\t\t\t\t\t\t\t\t\t\t<div class=\"elementor-gallery-item__content\">\n\t\t\t\t\t\t\t\t\t\t\t\t\t\t<div class=\"elementor-gallery-item__title\">\n\t\t\t\t\t\t\t\t\t\t\t\t\t\t\t\t\t\tModell: F1\t\t\t\t\t\t\t\t<\/div>\n\t\t\t\t\t\t\t\t\t\t\t\t\t\t\t<div class=\"elementor-gallery-item__description\">\n\t\t\t\t\t\t\t\t\t\t\t\t\t\t\t\t\t\tHolzart: Eiche \/ Asteiche<br>\nOberfl\u00e4che: Natur<br>\nDr\u00fccker: R7\t\t\t\t\t\t\t\t<\/div>\n\t\t\t\t\t\t\t\t\t\t\t\t<\/div>\n\t\t\t\t\t\t\t\t\t<\/a>\n\t\t\t\t\t\t\t<a class=\"e-gallery-item elementor-gallery-item elementor-animated-content\" href=\"https:\/\/www.schreinerei-stroeber.de\/wp-content\/uploads\/2026\/02\/Innentueren-low_0008_F4-LA3-e1772008712822.jpg\" data-elementor-open-lightbox=\"yes\" data-elementor-lightbox-slideshow=\"a729cd7\" data-elementor-lightbox-title=\"Modell: F4-LA2\" data-elementor-lightbox-description=\"Holzart: Eiche&lt;br&gt;\nOberfl\u00e4che: Natur&lt;br&gt;\nDr\u00fccker: L13&lt;br&gt;\nGlas: Altdeutsch\" data-e-action-hash=\"#elementor-action%3Aaction%3Dlightbox%26settings%3DeyJpZCI6MTAzMCwidXJsIjoiaHR0cHM6XC9cL3d3dy5zY2hyZWluZXJlaS1zdHJvZWJlci5kZVwvd3AtY29udGVudFwvdXBsb2Fkc1wvMjAyNlwvMDJcL0lubmVudHVlcmVuLWxvd18wMDA4X0Y0LUxBMy1lMTc3MjAwODcxMjgyMi5qcGciLCJzbGlkZXNob3ciOiJhNzI5Y2Q3In0%3D\">\n\t\t\t\t\t<div class=\"e-gallery-image elementor-gallery-item__image\" data-thumbnail=\"https:\/\/www.schreinerei-stroeber.de\/wp-content\/uploads\/2026\/02\/Innentueren-low_0008_F4-LA3-e1772008712822.jpg\" data-width=\"635\" data-height=\"1275\" aria-label=\"\" role=\"img\" ><\/div>\n\t\t\t\t\t\t\t\t\t\t\t<div class=\"elementor-gallery-item__overlay\"><\/div>\n\t\t\t\t\t\t\t\t\t\t\t\t\t\t\t<div class=\"elementor-gallery-item__content\">\n\t\t\t\t\t\t\t\t\t\t\t\t\t\t<div class=\"elementor-gallery-item__title\">\n\t\t\t\t\t\t\t\t\t\t\t\t\t\t\t\t\t\tModell: F4-LA2\t\t\t\t\t\t\t\t<\/div>\n\t\t\t\t\t\t\t\t\t\t\t\t\t\t\t<div class=\"elementor-gallery-item__description\">\n\t\t\t\t\t\t\t\t\t\t\t\t\t\t\t\t\t\tHolzart: Eiche<br>\nOberfl\u00e4che: Natur<br>\nDr\u00fccker: L13<br>\nGlas: Altdeutsch\t\t\t\t\t\t\t\t<\/div>\n\t\t\t\t\t\t\t\t\t\t\t\t<\/div>\n\t\t\t\t\t\t\t\t\t<\/a>\n\t\t\t\t\t\t\t<a class=\"e-gallery-item elementor-gallery-item elementor-animated-content\" href=\"https:\/\/www.schreinerei-stroeber.de\/wp-content\/uploads\/2026\/02\/Innentueren-low_0009_F4-2-e1772008651859.jpg\" data-elementor-open-lightbox=\"yes\" data-elementor-lightbox-slideshow=\"a729cd7\" data-elementor-lightbox-title=\"Modell: F4\" data-elementor-lightbox-description=\"Holzart: Eiche&lt;br&gt;\nOberfl\u00e4che: Natur&lt;br&gt;\nDr\u00fccker: L13\" data-e-action-hash=\"#elementor-action%3Aaction%3Dlightbox%26settings%3DeyJpZCI6MTAzMSwidXJsIjoiaHR0cHM6XC9cL3d3dy5zY2hyZWluZXJlaS1zdHJvZWJlci5kZVwvd3AtY29udGVudFwvdXBsb2Fkc1wvMjAyNlwvMDJcL0lubmVudHVlcmVuLWxvd18wMDA5X0Y0LTItZTE3NzIwMDg2NTE4NTkuanBnIiwic2xpZGVzaG93IjoiYTcyOWNkNyJ9\">\n\t\t\t\t\t<div class=\"e-gallery-image elementor-gallery-item__image\" data-thumbnail=\"https:\/\/www.schreinerei-stroeber.de\/wp-content\/uploads\/2026\/02\/Innentueren-low_0009_F4-2-e1772008651859.jpg\" data-width=\"635\" data-height=\"1275\" aria-label=\"\" role=\"img\" ><\/div>\n\t\t\t\t\t\t\t\t\t\t\t<div class=\"elementor-gallery-item__overlay\"><\/div>\n\t\t\t\t\t\t\t\t\t\t\t\t\t\t\t<div class=\"elementor-gallery-item__content\">\n\t\t\t\t\t\t\t\t\t\t\t\t\t\t<div class=\"elementor-gallery-item__title\">\n\t\t\t\t\t\t\t\t\t\t\t\t\t\t\t\t\t\tModell: F4\t\t\t\t\t\t\t\t<\/div>\n\t\t\t\t\t\t\t\t\t\t\t\t\t\t\t<div class=\"elementor-gallery-item__description\">\n\t\t\t\t\t\t\t\t\t\t\t\t\t\t\t\t\t\tHolzart: Eiche<br>\nOberfl\u00e4che: Natur<br>\nDr\u00fccker: L13\t\t\t\t\t\t\t\t<\/div>\n\t\t\t\t\t\t\t\t\t\t\t\t<\/div>\n\t\t\t\t\t\t\t\t\t<\/a>\n\t\t\t\t\t\t\t<a class=\"e-gallery-item elementor-gallery-item elementor-animated-content\" href=\"https:\/\/www.schreinerei-stroeber.de\/wp-content\/uploads\/2026\/02\/Innentueren-low_0010_F0-e1772008577227.jpg\" data-elementor-open-lightbox=\"yes\" data-elementor-lightbox-slideshow=\"a729cd7\" data-elementor-lightbox-title=\"Modell: F0\" data-elementor-lightbox-description=\"Holzart: Asteiche&lt;br&gt;\nOberfl\u00e4che: Natur&lt;br&gt;\nDr\u00fccker: L12\" data-e-action-hash=\"#elementor-action%3Aaction%3Dlightbox%26settings%3DeyJpZCI6MTAzMiwidXJsIjoiaHR0cHM6XC9cL3d3dy5zY2hyZWluZXJlaS1zdHJvZWJlci5kZVwvd3AtY29udGVudFwvdXBsb2Fkc1wvMjAyNlwvMDJcL0lubmVudHVlcmVuLWxvd18wMDEwX0YwLWUxNzcyMDA4NTc3MjI3LmpwZyIsInNsaWRlc2hvdyI6ImE3MjljZDcifQ%3D%3D\">\n\t\t\t\t\t<div class=\"e-gallery-image elementor-gallery-item__image\" data-thumbnail=\"https:\/\/www.schreinerei-stroeber.de\/wp-content\/uploads\/2026\/02\/Innentueren-low_0010_F0-e1772008577227.jpg\" data-width=\"635\" data-height=\"1275\" aria-label=\"\" role=\"img\" ><\/div>\n\t\t\t\t\t\t\t\t\t\t\t<div class=\"elementor-gallery-item__overlay\"><\/div>\n\t\t\t\t\t\t\t\t\t\t\t\t\t\t\t<div class=\"elementor-gallery-item__content\">\n\t\t\t\t\t\t\t\t\t\t\t\t\t\t<div class=\"elementor-gallery-item__title\">\n\t\t\t\t\t\t\t\t\t\t\t\t\t\t\t\t\t\tModell: F0\t\t\t\t\t\t\t\t<\/div>\n\t\t\t\t\t\t\t\t\t\t\t\t\t\t\t<div class=\"elementor-gallery-item__description\">\n\t\t\t\t\t\t\t\t\t\t\t\t\t\t\t\t\t\tHolzart: Asteiche<br>\nOberfl\u00e4che: Natur<br>\nDr\u00fccker: L12\t\t\t\t\t\t\t\t<\/div>\n\t\t\t\t\t\t\t\t\t\t\t\t<\/div>\n\t\t\t\t\t\t\t\t\t<\/a>\n\t\t\t\t\t\t\t<a class=\"e-gallery-item elementor-gallery-item elementor-animated-content\" href=\"https:\/\/www.schreinerei-stroeber.de\/wp-content\/uploads\/2026\/02\/Innentueren-low_0011_F2-2-e1772008515406.jpg\" data-elementor-open-lightbox=\"yes\" data-elementor-lightbox-slideshow=\"a729cd7\" data-elementor-lightbox-title=\"Modell: F2\" data-elementor-lightbox-description=\"Holzart: Fichte&lt;br&gt;\nOberfl\u00e4che: Natur&lt;br&gt;\nDr\u00fccker: L13\" data-e-action-hash=\"#elementor-action%3Aaction%3Dlightbox%26settings%3DeyJpZCI6MTAzMywidXJsIjoiaHR0cHM6XC9cL3d3dy5zY2hyZWluZXJlaS1zdHJvZWJlci5kZVwvd3AtY29udGVudFwvdXBsb2Fkc1wvMjAyNlwvMDJcL0lubmVudHVlcmVuLWxvd18wMDExX0YyLTItZTE3NzIwMDg1MTU0MDYuanBnIiwic2xpZGVzaG93IjoiYTcyOWNkNyJ9\">\n\t\t\t\t\t<div class=\"e-gallery-image elementor-gallery-item__image\" data-thumbnail=\"https:\/\/www.schreinerei-stroeber.de\/wp-content\/uploads\/2026\/02\/Innentueren-low_0011_F2-2-e1772008515406.jpg\" data-width=\"635\" data-height=\"1275\" aria-label=\"\" role=\"img\" ><\/div>\n\t\t\t\t\t\t\t\t\t\t\t<div class=\"elementor-gallery-item__overlay\"><\/div>\n\t\t\t\t\t\t\t\t\t\t\t\t\t\t\t<div class=\"elementor-gallery-item__content\">\n\t\t\t\t\t\t\t\t\t\t\t\t\t\t<div class=\"elementor-gallery-item__title\">\n\t\t\t\t\t\t\t\t\t\t\t\t\t\t\t\t\t\tModell: F2\t\t\t\t\t\t\t\t<\/div>\n\t\t\t\t\t\t\t\t\t\t\t\t\t\t\t<div class=\"elementor-gallery-item__description\">\n\t\t\t\t\t\t\t\t\t\t\t\t\t\t\t\t\t\tHolzart: Fichte<br>\nOberfl\u00e4che: Natur<br>\nDr\u00fccker: L13\t\t\t\t\t\t\t\t<\/div>\n\t\t\t\t\t\t\t\t\t\t\t\t<\/div>\n\t\t\t\t\t\t\t\t\t<\/a>\n\t\t\t\t\t\t\t<a class=\"e-gallery-item elementor-gallery-item elementor-animated-content\" href=\"https:\/\/www.schreinerei-stroeber.de\/wp-content\/uploads\/2026\/02\/Innentueren-low_0012_F0-e1772008053450.jpg\" data-elementor-open-lightbox=\"yes\" data-elementor-lightbox-slideshow=\"a729cd7\" data-elementor-lightbox-title=\"Modell: F0\" data-elementor-lightbox-description=\"Holzart: Ahorn quer&lt;br&gt;\nOberfl\u00e4che: Natur\" data-e-action-hash=\"#elementor-action%3Aaction%3Dlightbox%26settings%3DeyJpZCI6MTAzNCwidXJsIjoiaHR0cHM6XC9cL3d3dy5zY2hyZWluZXJlaS1zdHJvZWJlci5kZVwvd3AtY29udGVudFwvdXBsb2Fkc1wvMjAyNlwvMDJcL0lubmVudHVlcmVuLWxvd18wMDEyX0YwLWUxNzcyMDA4MDUzNDUwLmpwZyIsInNsaWRlc2hvdyI6ImE3MjljZDcifQ%3D%3D\">\n\t\t\t\t\t<div class=\"e-gallery-image elementor-gallery-item__image\" data-thumbnail=\"https:\/\/www.schreinerei-stroeber.de\/wp-content\/uploads\/2026\/02\/Innentueren-low_0012_F0-e1772008053450.jpg\" data-width=\"635\" data-height=\"1275\" aria-label=\"\" role=\"img\" ><\/div>\n\t\t\t\t\t\t\t\t\t\t\t<div class=\"elementor-gallery-item__overlay\"><\/div>\n\t\t\t\t\t\t\t\t\t\t\t\t\t\t\t<div class=\"elementor-gallery-item__content\">\n\t\t\t\t\t\t\t\t\t\t\t\t\t\t<div class=\"elementor-gallery-item__title\">\n\t\t\t\t\t\t\t\t\t\t\t\t\t\t\t\t\t\tModell: F0\t\t\t\t\t\t\t\t<\/div>\n\t\t\t\t\t\t\t\t\t\t\t\t\t\t\t<div class=\"elementor-gallery-item__description\">\n\t\t\t\t\t\t\t\t\t\t\t\t\t\t\t\t\t\tHolzart: Ahorn quer<br>\nOberfl\u00e4che: Natur\t\t\t\t\t\t\t\t<\/div>\n\t\t\t\t\t\t\t\t\t\t\t\t<\/div>\n\t\t\t\t\t\t\t\t\t<\/a>\n\t\t\t\t\t\t\t<a class=\"e-gallery-item elementor-gallery-item elementor-animated-content\" href=\"https:\/\/www.schreinerei-stroeber.de\/wp-content\/uploads\/2026\/02\/Innentueren-low_0013_F4B-2-e1772008005269.jpg\" data-elementor-open-lightbox=\"yes\" data-elementor-lightbox-slideshow=\"a729cd7\" data-elementor-lightbox-title=\"Modell: F4B\" data-elementor-lightbox-description=\"Holzart: Fichte&lt;br&gt;\nOberfl\u00e4che: Natur&lt;br&gt;\nDr\u00fccker: L13\" data-e-action-hash=\"#elementor-action%3Aaction%3Dlightbox%26settings%3DeyJpZCI6MTAzNSwidXJsIjoiaHR0cHM6XC9cL3d3dy5zY2hyZWluZXJlaS1zdHJvZWJlci5kZVwvd3AtY29udGVudFwvdXBsb2Fkc1wvMjAyNlwvMDJcL0lubmVudHVlcmVuLWxvd18wMDEzX0Y0Qi0yLWUxNzcyMDA4MDA1MjY5LmpwZyIsInNsaWRlc2hvdyI6ImE3MjljZDcifQ%3D%3D\">\n\t\t\t\t\t<div class=\"e-gallery-image elementor-gallery-item__image\" data-thumbnail=\"https:\/\/www.schreinerei-stroeber.de\/wp-content\/uploads\/2026\/02\/Innentueren-low_0013_F4B-2-e1772008005269.jpg\" data-width=\"635\" data-height=\"1275\" aria-label=\"\" role=\"img\" ><\/div>\n\t\t\t\t\t\t\t\t\t\t\t<div class=\"elementor-gallery-item__overlay\"><\/div>\n\t\t\t\t\t\t\t\t\t\t\t\t\t\t\t<div class=\"elementor-gallery-item__content\">\n\t\t\t\t\t\t\t\t\t\t\t\t\t\t<div class=\"elementor-gallery-item__title\">\n\t\t\t\t\t\t\t\t\t\t\t\t\t\t\t\t\t\tModell: F4B\t\t\t\t\t\t\t\t<\/div>\n\t\t\t\t\t\t\t\t\t\t\t\t\t\t\t<div class=\"elementor-gallery-item__description\">\n\t\t\t\t\t\t\t\t\t\t\t\t\t\t\t\t\t\tHolzart: Fichte<br>\nOberfl\u00e4che: Natur<br>\nDr\u00fccker: L13\t\t\t\t\t\t\t\t<\/div>\n\t\t\t\t\t\t\t\t\t\t\t\t<\/div>\n\t\t\t\t\t\t\t\t\t<\/a>\n\t\t\t\t\t\t\t<a class=\"e-gallery-item elementor-gallery-item elementor-animated-content\" href=\"https:\/\/www.schreinerei-stroeber.de\/wp-content\/uploads\/2026\/02\/Innentueren-low_0014_F4B-LA6-e1772007940155.jpg\" data-elementor-open-lightbox=\"yes\" data-elementor-lightbox-slideshow=\"a729cd7\" data-elementor-lightbox-title=\"Modell: F4B-LA6\" data-elementor-lightbox-description=\"Holzart: Fichte&lt;br&gt;\nOberfl\u00e4che: Natur&lt;br&gt;\nDr\u00fccker: L13&lt;br&gt;\nGlas: Klarglas\" data-e-action-hash=\"#elementor-action%3Aaction%3Dlightbox%26settings%3DeyJpZCI6MTAzNiwidXJsIjoiaHR0cHM6XC9cL3d3dy5zY2hyZWluZXJlaS1zdHJvZWJlci5kZVwvd3AtY29udGVudFwvdXBsb2Fkc1wvMjAyNlwvMDJcL0lubmVudHVlcmVuLWxvd18wMDE0X0Y0Qi1MQTYtZTE3NzIwMDc5NDAxNTUuanBnIiwic2xpZGVzaG93IjoiYTcyOWNkNyJ9\">\n\t\t\t\t\t<div class=\"e-gallery-image elementor-gallery-item__image\" data-thumbnail=\"https:\/\/www.schreinerei-stroeber.de\/wp-content\/uploads\/2026\/02\/Innentueren-low_0014_F4B-LA6-e1772007940155.jpg\" data-width=\"635\" data-height=\"1275\" aria-label=\"\" role=\"img\" ><\/div>\n\t\t\t\t\t\t\t\t\t\t\t<div class=\"elementor-gallery-item__overlay\"><\/div>\n\t\t\t\t\t\t\t\t\t\t\t\t\t\t\t<div class=\"elementor-gallery-item__content\">\n\t\t\t\t\t\t\t\t\t\t\t\t\t\t<div class=\"elementor-gallery-item__title\">\n\t\t\t\t\t\t\t\t\t\t\t\t\t\t\t\t\t\tModell: F4B-LA6\t\t\t\t\t\t\t\t<\/div>\n\t\t\t\t\t\t\t\t\t\t\t\t\t\t\t<div class=\"elementor-gallery-item__description\">\n\t\t\t\t\t\t\t\t\t\t\t\t\t\t\t\t\t\tHolzart: Fichte<br>\nOberfl\u00e4che: Natur<br>\nDr\u00fccker: L13<br>\nGlas: Klarglas\t\t\t\t\t\t\t\t<\/div>\n\t\t\t\t\t\t\t\t\t\t\t\t<\/div>\n\t\t\t\t\t\t\t\t\t<\/a>\n\t\t\t\t\t\t\t<a class=\"e-gallery-item elementor-gallery-item elementor-animated-content\" href=\"https:\/\/www.schreinerei-stroeber.de\/wp-content\/uploads\/2026\/02\/Innentueren-low_0015_F1-1-e1772007870349.jpg\" data-elementor-open-lightbox=\"yes\" data-elementor-lightbox-slideshow=\"a729cd7\" data-elementor-lightbox-title=\"Modell: F1\" data-elementor-lightbox-description=\"Holzart: Eiche \/ Asteiche&lt;br&gt;\nOberfl\u00e4che: Natur&lt;br&gt;\nDr\u00fccker: R7&lt;br&gt;\" data-e-action-hash=\"#elementor-action%3Aaction%3Dlightbox%26settings%3DeyJpZCI6MTAzNywidXJsIjoiaHR0cHM6XC9cL3d3dy5zY2hyZWluZXJlaS1zdHJvZWJlci5kZVwvd3AtY29udGVudFwvdXBsb2Fkc1wvMjAyNlwvMDJcL0lubmVudHVlcmVuLWxvd18wMDE1X0YxLTEtZTE3NzIwMDc4NzAzNDkuanBnIiwic2xpZGVzaG93IjoiYTcyOWNkNyJ9\">\n\t\t\t\t\t<div class=\"e-gallery-image elementor-gallery-item__image\" data-thumbnail=\"https:\/\/www.schreinerei-stroeber.de\/wp-content\/uploads\/2026\/02\/Innentueren-low_0015_F1-1-e1772007870349.jpg\" data-width=\"635\" data-height=\"1275\" aria-label=\"\" role=\"img\" ><\/div>\n\t\t\t\t\t\t\t\t\t\t\t<div class=\"elementor-gallery-item__overlay\"><\/div>\n\t\t\t\t\t\t\t\t\t\t\t\t\t\t\t<div class=\"elementor-gallery-item__content\">\n\t\t\t\t\t\t\t\t\t\t\t\t\t\t<div class=\"elementor-gallery-item__title\">\n\t\t\t\t\t\t\t\t\t\t\t\t\t\t\t\t\t\tModell: F1\t\t\t\t\t\t\t\t<\/div>\n\t\t\t\t\t\t\t\t\t\t\t\t\t\t\t<div class=\"elementor-gallery-item__description\">\n\t\t\t\t\t\t\t\t\t\t\t\t\t\t\t\t\t\tHolzart: Eiche \/ Asteiche<br>\nOberfl\u00e4che: Natur<br>\nDr\u00fccker: R7<br>\t\t\t\t\t\t\t\t<\/div>\n\t\t\t\t\t\t\t\t\t\t\t\t<\/div>\n\t\t\t\t\t\t\t\t\t<\/a>\n\t\t\t\t\t\t\t<a class=\"e-gallery-item elementor-gallery-item elementor-animated-content\" href=\"https:\/\/www.schreinerei-stroeber.de\/wp-content\/uploads\/2026\/02\/Innentueren-low_0016_F4B-LA6-e1772007813248.jpg\" data-elementor-open-lightbox=\"yes\" data-elementor-lightbox-slideshow=\"a729cd7\" data-elementor-lightbox-title=\"Modell: F4B-LA6\" data-elementor-lightbox-description=\"Holzart: Altholz Fichte&lt;br&gt;\nOberfl\u00e4che: Natur&lt;br&gt;\nDr\u00fccker: L12&lt;br&gt;\nGlas: Matras-Silk\" data-e-action-hash=\"#elementor-action%3Aaction%3Dlightbox%26settings%3DeyJpZCI6MTAzOCwidXJsIjoiaHR0cHM6XC9cL3d3dy5zY2hyZWluZXJlaS1zdHJvZWJlci5kZVwvd3AtY29udGVudFwvdXBsb2Fkc1wvMjAyNlwvMDJcL0lubmVudHVlcmVuLWxvd18wMDE2X0Y0Qi1MQTYtZTE3NzIwMDc4MTMyNDguanBnIiwic2xpZGVzaG93IjoiYTcyOWNkNyJ9\">\n\t\t\t\t\t<div class=\"e-gallery-image elementor-gallery-item__image\" data-thumbnail=\"https:\/\/www.schreinerei-stroeber.de\/wp-content\/uploads\/2026\/02\/Innentueren-low_0016_F4B-LA6-e1772007813248.jpg\" data-width=\"635\" data-height=\"1275\" aria-label=\"\" role=\"img\" ><\/div>\n\t\t\t\t\t\t\t\t\t\t\t<div class=\"elementor-gallery-item__overlay\"><\/div>\n\t\t\t\t\t\t\t\t\t\t\t\t\t\t\t<div class=\"elementor-gallery-item__content\">\n\t\t\t\t\t\t\t\t\t\t\t\t\t\t<div class=\"elementor-gallery-item__title\">\n\t\t\t\t\t\t\t\t\t\t\t\t\t\t\t\t\t\tModell: F4B-LA6\t\t\t\t\t\t\t\t<\/div>\n\t\t\t\t\t\t\t\t\t\t\t\t\t\t\t<div class=\"elementor-gallery-item__description\">\n\t\t\t\t\t\t\t\t\t\t\t\t\t\t\t\t\t\tHolzart: Altholz Fichte<br>\nOberfl\u00e4che: Natur<br>\nDr\u00fccker: L12<br>\nGlas: Matras-Silk\t\t\t\t\t\t\t\t<\/div>\n\t\t\t\t\t\t\t\t\t\t\t\t<\/div>\n\t\t\t\t\t\t\t\t\t<\/a>\n\t\t\t\t\t\t\t<a class=\"e-gallery-item elementor-gallery-item elementor-animated-content\" href=\"https:\/\/www.schreinerei-stroeber.de\/wp-content\/uploads\/2026\/02\/Innentueren-low_0017_2F-LA5-e1772007742298.jpg\" data-elementor-open-lightbox=\"yes\" data-elementor-lightbox-slideshow=\"a729cd7\" data-elementor-lightbox-title=\"Modell: 2F-LA5\" data-elementor-lightbox-description=\"Holzart: Fichte&lt;br&gt;\nOberfl\u00e4che: gebeizt&lt;br&gt;\nDr\u00fccker:L13&lt;br&gt;\nGlas: Altdeutsch\" data-e-action-hash=\"#elementor-action%3Aaction%3Dlightbox%26settings%3DeyJpZCI6MTAzOSwidXJsIjoiaHR0cHM6XC9cL3d3dy5zY2hyZWluZXJlaS1zdHJvZWJlci5kZVwvd3AtY29udGVudFwvdXBsb2Fkc1wvMjAyNlwvMDJcL0lubmVudHVlcmVuLWxvd18wMDE3XzJGLUxBNS1lMTc3MjAwNzc0MjI5OC5qcGciLCJzbGlkZXNob3ciOiJhNzI5Y2Q3In0%3D\">\n\t\t\t\t\t<div class=\"e-gallery-image elementor-gallery-item__image\" data-thumbnail=\"https:\/\/www.schreinerei-stroeber.de\/wp-content\/uploads\/2026\/02\/Innentueren-low_0017_2F-LA5-e1772007742298.jpg\" data-width=\"635\" data-height=\"1275\" aria-label=\"\" role=\"img\" ><\/div>\n\t\t\t\t\t\t\t\t\t\t\t<div class=\"elementor-gallery-item__overlay\"><\/div>\n\t\t\t\t\t\t\t\t\t\t\t\t\t\t\t<div class=\"elementor-gallery-item__content\">\n\t\t\t\t\t\t\t\t\t\t\t\t\t\t<div class=\"elementor-gallery-item__title\">\n\t\t\t\t\t\t\t\t\t\t\t\t\t\t\t\t\t\tModell: 2F-LA5\t\t\t\t\t\t\t\t<\/div>\n\t\t\t\t\t\t\t\t\t\t\t\t\t\t\t<div class=\"elementor-gallery-item__description\">\n\t\t\t\t\t\t\t\t\t\t\t\t\t\t\t\t\t\tHolzart: Fichte<br>\nOberfl\u00e4che: gebeizt<br>\nDr\u00fccker:L13<br>\nGlas: Altdeutsch\t\t\t\t\t\t\t\t<\/div>\n\t\t\t\t\t\t\t\t\t\t\t\t<\/div>\n\t\t\t\t\t\t\t\t\t<\/a>\n\t\t\t\t\t\t\t<a class=\"e-gallery-item elementor-gallery-item elementor-animated-content\" href=\"https:\/\/www.schreinerei-stroeber.de\/wp-content\/uploads\/2026\/02\/Innentueren-low_0018_F2-2-e1772007678142.jpg\" data-elementor-open-lightbox=\"yes\" data-elementor-lightbox-slideshow=\"a729cd7\" data-elementor-lightbox-title=\"Modell: F2\" data-elementor-lightbox-description=\"Holzart: Fichte&lt;br&gt;\nOberfl\u00e4che: Gebeizt&lt;br&gt;\nDr\u00fccker: L13\" data-e-action-hash=\"#elementor-action%3Aaction%3Dlightbox%26settings%3DeyJpZCI6MTA0MCwidXJsIjoiaHR0cHM6XC9cL3d3dy5zY2hyZWluZXJlaS1zdHJvZWJlci5kZVwvd3AtY29udGVudFwvdXBsb2Fkc1wvMjAyNlwvMDJcL0lubmVudHVlcmVuLWxvd18wMDE4X0YyLTItZTE3NzIwMDc2NzgxNDIuanBnIiwic2xpZGVzaG93IjoiYTcyOWNkNyJ9\">\n\t\t\t\t\t<div class=\"e-gallery-image elementor-gallery-item__image\" data-thumbnail=\"https:\/\/www.schreinerei-stroeber.de\/wp-content\/uploads\/2026\/02\/Innentueren-low_0018_F2-2-e1772007678142.jpg\" data-width=\"635\" data-height=\"1275\" aria-label=\"\" role=\"img\" ><\/div>\n\t\t\t\t\t\t\t\t\t\t\t<div class=\"elementor-gallery-item__overlay\"><\/div>\n\t\t\t\t\t\t\t\t\t\t\t\t\t\t\t<div class=\"elementor-gallery-item__content\">\n\t\t\t\t\t\t\t\t\t\t\t\t\t\t<div class=\"elementor-gallery-item__title\">\n\t\t\t\t\t\t\t\t\t\t\t\t\t\t\t\t\t\tModell: F2\t\t\t\t\t\t\t\t<\/div>\n\t\t\t\t\t\t\t\t\t\t\t\t\t\t\t<div class=\"elementor-gallery-item__description\">\n\t\t\t\t\t\t\t\t\t\t\t\t\t\t\t\t\t\tHolzart: Fichte<br>\nOberfl\u00e4che: Gebeizt<br>\nDr\u00fccker: L13\t\t\t\t\t\t\t\t<\/div>\n\t\t\t\t\t\t\t\t\t\t\t\t<\/div>\n\t\t\t\t\t\t\t\t\t<\/a>\n\t\t\t\t\t\t\t<a class=\"e-gallery-item elementor-gallery-item elementor-animated-content\" href=\"https:\/\/www.schreinerei-stroeber.de\/wp-content\/uploads\/2026\/02\/Innentueren-low_0019_F4-2-e1772007609685.jpg\" data-elementor-open-lightbox=\"yes\" data-elementor-lightbox-slideshow=\"a729cd7\" data-elementor-lightbox-title=\"Modell: F4\" data-elementor-lightbox-description=\"Holzart: Altholz Fichte&lt;br&gt;\nOberfl\u00e4che: Natur&lt;br&gt;\nDr\u00fccker: L13\" data-e-action-hash=\"#elementor-action%3Aaction%3Dlightbox%26settings%3DeyJpZCI6MTA0MSwidXJsIjoiaHR0cHM6XC9cL3d3dy5zY2hyZWluZXJlaS1zdHJvZWJlci5kZVwvd3AtY29udGVudFwvdXBsb2Fkc1wvMjAyNlwvMDJcL0lubmVudHVlcmVuLWxvd18wMDE5X0Y0LTItZTE3NzIwMDc2MDk2ODUuanBnIiwic2xpZGVzaG93IjoiYTcyOWNkNyJ9\">\n\t\t\t\t\t<div class=\"e-gallery-image elementor-gallery-item__image\" data-thumbnail=\"https:\/\/www.schreinerei-stroeber.de\/wp-content\/uploads\/2026\/02\/Innentueren-low_0019_F4-2-e1772007609685.jpg\" data-width=\"635\" data-height=\"1275\" aria-label=\"\" role=\"img\" ><\/div>\n\t\t\t\t\t\t\t\t\t\t\t<div class=\"elementor-gallery-item__overlay\"><\/div>\n\t\t\t\t\t\t\t\t\t\t\t\t\t\t\t<div class=\"elementor-gallery-item__content\">\n\t\t\t\t\t\t\t\t\t\t\t\t\t\t<div class=\"elementor-gallery-item__title\">\n\t\t\t\t\t\t\t\t\t\t\t\t\t\t\t\t\t\tModell: F4\t\t\t\t\t\t\t\t<\/div>\n\t\t\t\t\t\t\t\t\t\t\t\t\t\t\t<div class=\"elementor-gallery-item__description\">\n\t\t\t\t\t\t\t\t\t\t\t\t\t\t\t\t\t\tHolzart: Altholz Fichte<br>\nOberfl\u00e4che: Natur<br>\nDr\u00fccker: L13\t\t\t\t\t\t\t\t<\/div>\n\t\t\t\t\t\t\t\t\t\t\t\t<\/div>\n\t\t\t\t\t\t\t\t\t<\/a>\n\t\t\t\t\t\t\t<a class=\"e-gallery-item elementor-gallery-item elementor-animated-content\" href=\"https:\/\/www.schreinerei-stroeber.de\/wp-content\/uploads\/2026\/02\/Innentueren-low_0020_F2-2-e1772007539383.jpg\" data-elementor-open-lightbox=\"yes\" data-elementor-lightbox-slideshow=\"a729cd7\" data-elementor-lightbox-title=\"Modell: F2\" data-elementor-lightbox-description=\"Holzart: Ahorn&lt;br&gt;\nOberfl\u00e4che: Natur&lt;br&gt;\nDr\u00fccker: R7\" data-e-action-hash=\"#elementor-action%3Aaction%3Dlightbox%26settings%3DeyJpZCI6MTA0MiwidXJsIjoiaHR0cHM6XC9cL3d3dy5zY2hyZWluZXJlaS1zdHJvZWJlci5kZVwvd3AtY29udGVudFwvdXBsb2Fkc1wvMjAyNlwvMDJcL0lubmVudHVlcmVuLWxvd18wMDIwX0YyLTItZTE3NzIwMDc1MzkzODMuanBnIiwic2xpZGVzaG93IjoiYTcyOWNkNyJ9\">\n\t\t\t\t\t<div class=\"e-gallery-image elementor-gallery-item__image\" data-thumbnail=\"https:\/\/www.schreinerei-stroeber.de\/wp-content\/uploads\/2026\/02\/Innentueren-low_0020_F2-2-e1772007539383.jpg\" data-width=\"635\" data-height=\"1275\" aria-label=\"\" role=\"img\" ><\/div>\n\t\t\t\t\t\t\t\t\t\t\t<div class=\"elementor-gallery-item__overlay\"><\/div>\n\t\t\t\t\t\t\t\t\t\t\t\t\t\t\t<div class=\"elementor-gallery-item__content\">\n\t\t\t\t\t\t\t\t\t\t\t\t\t\t<div class=\"elementor-gallery-item__title\">\n\t\t\t\t\t\t\t\t\t\t\t\t\t\t\t\t\t\tModell: F2\t\t\t\t\t\t\t\t<\/div>\n\t\t\t\t\t\t\t\t\t\t\t\t\t\t\t<div class=\"elementor-gallery-item__description\">\n\t\t\t\t\t\t\t\t\t\t\t\t\t\t\t\t\t\tHolzart: Ahorn<br>\nOberfl\u00e4che: Natur<br>\nDr\u00fccker: R7\t\t\t\t\t\t\t\t<\/div>\n\t\t\t\t\t\t\t\t\t\t\t\t<\/div>\n\t\t\t\t\t\t\t\t\t<\/a>\n\t\t\t\t\t\t\t<a class=\"e-gallery-item elementor-gallery-item elementor-animated-content\" href=\"https:\/\/www.schreinerei-stroeber.de\/wp-content\/uploads\/2026\/02\/Innentueren-low_0021_F2-2-e1772007481808.jpg\" data-elementor-open-lightbox=\"yes\" data-elementor-lightbox-slideshow=\"a729cd7\" data-elementor-lightbox-title=\"Modell: F2\" data-elementor-lightbox-description=\"Holzart: Fichte&lt;br&gt;\nOberfl\u00e4che: wei\u00df gebeizt\" data-e-action-hash=\"#elementor-action%3Aaction%3Dlightbox%26settings%3DeyJpZCI6MTA0MywidXJsIjoiaHR0cHM6XC9cL3d3dy5zY2hyZWluZXJlaS1zdHJvZWJlci5kZVwvd3AtY29udGVudFwvdXBsb2Fkc1wvMjAyNlwvMDJcL0lubmVudHVlcmVuLWxvd18wMDIxX0YyLTItZTE3NzIwMDc0ODE4MDguanBnIiwic2xpZGVzaG93IjoiYTcyOWNkNyJ9\">\n\t\t\t\t\t<div class=\"e-gallery-image elementor-gallery-item__image\" data-thumbnail=\"https:\/\/www.schreinerei-stroeber.de\/wp-content\/uploads\/2026\/02\/Innentueren-low_0021_F2-2-e1772007481808.jpg\" data-width=\"635\" data-height=\"1275\" aria-label=\"\" role=\"img\" ><\/div>\n\t\t\t\t\t\t\t\t\t\t\t<div class=\"elementor-gallery-item__overlay\"><\/div>\n\t\t\t\t\t\t\t\t\t\t\t\t\t\t\t<div class=\"elementor-gallery-item__content\">\n\t\t\t\t\t\t\t\t\t\t\t\t\t\t<div class=\"elementor-gallery-item__title\">\n\t\t\t\t\t\t\t\t\t\t\t\t\t\t\t\t\t\tModell: F2\t\t\t\t\t\t\t\t<\/div>\n\t\t\t\t\t\t\t\t\t\t\t\t\t\t\t<div class=\"elementor-gallery-item__description\">\n\t\t\t\t\t\t\t\t\t\t\t\t\t\t\t\t\t\tHolzart: Fichte<br>\nOberfl\u00e4che: wei\u00df gebeizt\t\t\t\t\t\t\t\t<\/div>\n\t\t\t\t\t\t\t\t\t\t\t\t<\/div>\n\t\t\t\t\t\t\t\t\t<\/a>\n\t\t\t\t\t\t\t<a class=\"e-gallery-item elementor-gallery-item elementor-animated-content\" href=\"https:\/\/www.schreinerei-stroeber.de\/wp-content\/uploads\/2026\/02\/Innentueren-low_0022_F0-e1772007288835.jpg\" data-elementor-open-lightbox=\"yes\" data-elementor-lightbox-slideshow=\"a729cd7\" data-elementor-lightbox-title=\"Modell: F0-stumpf einschlegend\" data-elementor-lightbox-description=\"Oberfl\u00e4che: wei\u00df deckend &lt;br&gt;\nDr\u00fccker: R7\" data-e-action-hash=\"#elementor-action%3Aaction%3Dlightbox%26settings%3DeyJpZCI6MTA0NCwidXJsIjoiaHR0cHM6XC9cL3d3dy5zY2hyZWluZXJlaS1zdHJvZWJlci5kZVwvd3AtY29udGVudFwvdXBsb2Fkc1wvMjAyNlwvMDJcL0lubmVudHVlcmVuLWxvd18wMDIyX0YwLWUxNzcyMDA3Mjg4ODM1LmpwZyIsInNsaWRlc2hvdyI6ImE3MjljZDcifQ%3D%3D\">\n\t\t\t\t\t<div class=\"e-gallery-image elementor-gallery-item__image\" data-thumbnail=\"https:\/\/www.schreinerei-stroeber.de\/wp-content\/uploads\/2026\/02\/Innentueren-low_0022_F0-e1772007288835.jpg\" data-width=\"635\" data-height=\"1275\" aria-label=\"\" role=\"img\" ><\/div>\n\t\t\t\t\t\t\t\t\t\t\t<div class=\"elementor-gallery-item__overlay\"><\/div>\n\t\t\t\t\t\t\t\t\t\t\t\t\t\t\t<div class=\"elementor-gallery-item__content\">\n\t\t\t\t\t\t\t\t\t\t\t\t\t\t<div class=\"elementor-gallery-item__title\">\n\t\t\t\t\t\t\t\t\t\t\t\t\t\t\t\t\t\tModell: F0-stumpf einschlegend\t\t\t\t\t\t\t\t<\/div>\n\t\t\t\t\t\t\t\t\t\t\t\t\t\t\t<div class=\"elementor-gallery-item__description\">\n\t\t\t\t\t\t\t\t\t\t\t\t\t\t\t\t\t\tOberfl\u00e4che: wei\u00df deckend <br>\nDr\u00fccker: R7\t\t\t\t\t\t\t\t<\/div>\n\t\t\t\t\t\t\t\t\t\t\t\t<\/div>\n\t\t\t\t\t\t\t\t\t<\/a>\n\t\t\t\t\t\t\t<a class=\"e-gallery-item elementor-gallery-item elementor-animated-content\" href=\"https:\/\/www.schreinerei-stroeber.de\/wp-content\/uploads\/2026\/02\/Innentueren-low_0023_F0-e1772007080380.jpg\" data-elementor-open-lightbox=\"yes\" data-elementor-lightbox-slideshow=\"a729cd7\" data-elementor-lightbox-title=\"Modell: F0-stumpf einschlagend\" data-elementor-lightbox-description=\"Holzart: Asteiche&lt;br&gt;\nOberfl\u00e4che: Natur&lt;br&gt;\nDr\u00fccker: R7\" data-e-action-hash=\"#elementor-action%3Aaction%3Dlightbox%26settings%3DeyJpZCI6MTA0NSwidXJsIjoiaHR0cHM6XC9cL3d3dy5zY2hyZWluZXJlaS1zdHJvZWJlci5kZVwvd3AtY29udGVudFwvdXBsb2Fkc1wvMjAyNlwvMDJcL0lubmVudHVlcmVuLWxvd18wMDIzX0YwLWUxNzcyMDA3MDgwMzgwLmpwZyIsInNsaWRlc2hvdyI6ImE3MjljZDcifQ%3D%3D\">\n\t\t\t\t\t<div class=\"e-gallery-image elementor-gallery-item__image\" data-thumbnail=\"https:\/\/www.schreinerei-stroeber.de\/wp-content\/uploads\/2026\/02\/Innentueren-low_0023_F0-e1772007080380.jpg\" data-width=\"635\" data-height=\"1275\" aria-label=\"\" role=\"img\" ><\/div>\n\t\t\t\t\t\t\t\t\t\t\t<div class=\"elementor-gallery-item__overlay\"><\/div>\n\t\t\t\t\t\t\t\t\t\t\t\t\t\t\t<div class=\"elementor-gallery-item__content\">\n\t\t\t\t\t\t\t\t\t\t\t\t\t\t<div class=\"elementor-gallery-item__title\">\n\t\t\t\t\t\t\t\t\t\t\t\t\t\t\t\t\t\tModell: F0-stumpf einschlagend\t\t\t\t\t\t\t\t<\/div>\n\t\t\t\t\t\t\t\t\t\t\t\t\t\t\t<div class=\"elementor-gallery-item__description\">\n\t\t\t\t\t\t\t\t\t\t\t\t\t\t\t\t\t\tHolzart: Asteiche<br>\nOberfl\u00e4che: Natur<br>\nDr\u00fccker: R7\t\t\t\t\t\t\t\t<\/div>\n\t\t\t\t\t\t\t\t\t\t\t\t<\/div>\n\t\t\t\t\t\t\t\t\t<\/a>\n\t\t\t\t\t<\/div>\n\t\t\t\t\t<\/div>\n\t\t\t\t\t<\/div>\n\t\t<\/div>\n\t\t\t\t\t<\/div>\n\t\t<\/section>\n\t\t\t\t<section class=\"elementor-section elementor-top-section elementor-element elementor-element-78ec63c elementor-section-boxed elementor-section-height-default elementor-section-height-default\" data-id=\"78ec63c\" data-element_type=\"section\" data-e-type=\"section\" data-settings=\"{&quot;background_background&quot;:&quot;classic&quot;}\">\n\t\t\t\t\t\t\t<div class=\"elementor-background-overlay\"><\/div>\n\t\t\t\t\t\t\t<div class=\"elementor-container elementor-column-gap-wide\">\n\t\t\t\t\t<div class=\"elementor-column elementor-col-50 elementor-top-column elementor-element elementor-element-3d1e86e\" data-id=\"3d1e86e\" data-element_type=\"column\" data-e-type=\"column\">\n\t\t\t<div class=\"elementor-widget-wrap elementor-element-populated\">\n\t\t\t\t\t\t<div class=\"elementor-element elementor-element-a8c5ca2 elementor-widget elementor-widget-heading\" data-id=\"a8c5ca2\" data-element_type=\"widget\" data-e-type=\"widget\" data-widget_type=\"heading.default\">\n\t\t\t\t\t<h2 class=\"elementor-heading-title elementor-size-default\">Glas<\/h2>\t\t\t\t<\/div>\n\t\t\t\t<div class=\"elementor-element elementor-element-24950a1 elementor-widget elementor-widget-text-editor\" data-id=\"24950a1\" data-element_type=\"widget\" data-e-type=\"widget\" data-widget_type=\"text-editor.default\">\n\t\t\t\t\t\t\t\t\t<p>Glas sorgt f\u00fcr den n\u00f6tigen Durchblick und gen\u00fcgend Licht im Inneren Ihres Hauses. Sie erhalten Ihre Haust\u00fcre mit Ihrem Wunsch-Glas. Hier ist f\u00fcr jeden Geschmack etwas dabei \u2013 von rustikal bis schlicht-modern. W\u00e4hlen Sie Ihr wunschglas aus.<\/p>\t\t\t\t\t\t\t\t<\/div>\n\t\t\t\t\t<\/div>\n\t\t<\/div>\n\t\t\t\t<div class=\"elementor-column elementor-col-50 elementor-top-column elementor-element elementor-element-065ec76\" data-id=\"065ec76\" data-element_type=\"column\" data-e-type=\"column\">\n\t\t\t<div class=\"elementor-widget-wrap\">\n\t\t\t\t\t\t\t<\/div>\n\t\t<\/div>\n\t\t\t\t\t<\/div>\n\t\t<\/section>\n\t\t\t\t<section class=\"elementor-section elementor-top-section elementor-element elementor-element-ae79f16 elementor-section-boxed elementor-section-height-default elementor-section-height-default\" data-id=\"ae79f16\" data-element_type=\"section\" data-e-type=\"section\" data-settings=\"{&quot;background_background&quot;:&quot;classic&quot;}\">\n\t\t\t\t\t\t\t<div class=\"elementor-background-overlay\"><\/div>\n\t\t\t\t\t\t\t<div class=\"elementor-container elementor-column-gap-wide\">\n\t\t\t\t\t<div class=\"elementor-column elementor-col-100 elementor-top-column elementor-element elementor-element-6f844a1\" data-id=\"6f844a1\" data-element_type=\"column\" data-e-type=\"column\">\n\t\t\t<div class=\"elementor-widget-wrap elementor-element-populated\">\n\t\t\t\t\t\t<div class=\"elementor-element elementor-element-0747a34 elementor-arrows-position-outside elementor-pagination-position-outside elementor-widget elementor-widget-image-carousel\" data-id=\"0747a34\" data-element_type=\"widget\" data-e-type=\"widget\" data-settings=\"{&quot;slides_to_show&quot;:&quot;4&quot;,&quot;image_spacing_custom&quot;:{&quot;unit&quot;:&quot;px&quot;,&quot;size&quot;:9,&quot;sizes&quot;:[]},&quot;navigation&quot;:&quot;both&quot;,&quot;autoplay&quot;:&quot;yes&quot;,&quot;pause_on_hover&quot;:&quot;yes&quot;,&quot;pause_on_interaction&quot;:&quot;yes&quot;,&quot;autoplay_speed&quot;:5000,&quot;infinite&quot;:&quot;yes&quot;,&quot;speed&quot;:500,&quot;image_spacing_custom_tablet&quot;:{&quot;unit&quot;:&quot;px&quot;,&quot;size&quot;:&quot;&quot;,&quot;sizes&quot;:[]},&quot;image_spacing_custom_mobile&quot;:{&quot;unit&quot;:&quot;px&quot;,&quot;size&quot;:&quot;&quot;,&quot;sizes&quot;:[]}}\" data-widget_type=\"image-carousel.default\">\n\t\t\t\t\t\t\t<div class=\"elementor-image-carousel-wrapper swiper\" role=\"region\" aria-roledescription=\"carousel\" aria-label=\"Bild Karussell\" dir=\"ltr\">\n\t\t\t<div class=\"elementor-image-carousel swiper-wrapper\" aria-live=\"off\">\n\t\t\t\t\t\t\t\t<div class=\"swiper-slide\" role=\"group\" aria-roledescription=\"slide\" aria-label=\"1 von 9\"><a data-elementor-open-lightbox=\"yes\" data-elementor-lightbox-slideshow=\"0747a34\" data-elementor-lightbox-title=\"Modell | Masterpoint\" data-e-action-hash=\"#elementor-action%3Aaction%3Dlightbox%26settings%3DeyJpZCI6MTIxLCJ1cmwiOiJodHRwczpcL1wvd3d3LnNjaHJlaW5lcmVpLXN0cm9lYmVyLmRlXC93cC1jb250ZW50XC91cGxvYWRzXC8yMDI2XC8wMlwvTW9kZWxsLU1hc3RlcnBvaW50LmpwZyIsInNsaWRlc2hvdyI6IjA3NDdhMzQifQ%3D%3D\" href=\"https:\/\/www.schreinerei-stroeber.de\/wp-content\/uploads\/2026\/02\/Modell-Masterpoint.jpg\"><figure class=\"swiper-slide-inner\"><img decoding=\"async\" class=\"swiper-slide-image\" src=\"https:\/\/www.schreinerei-stroeber.de\/wp-content\/uploads\/2026\/02\/Modell-Masterpoint-300x300.jpg\" alt=\"Modell | Masterpoint\" \/><figcaption class=\"elementor-image-carousel-caption\">Modell | Masterpoint<\/figcaption><\/figure><\/a><\/div><div class=\"swiper-slide\" role=\"group\" aria-roledescription=\"slide\" aria-label=\"2 von 9\"><a data-elementor-open-lightbox=\"yes\" data-elementor-lightbox-slideshow=\"0747a34\" data-elementor-lightbox-title=\"Modell | Mastercare1\" data-e-action-hash=\"#elementor-action%3Aaction%3Dlightbox%26settings%3DeyJpZCI6MTIwLCJ1cmwiOiJodHRwczpcL1wvd3d3LnNjaHJlaW5lcmVpLXN0cm9lYmVyLmRlXC93cC1jb250ZW50XC91cGxvYWRzXC8yMDI2XC8wMlwvTW9kZWxsLU1hc3RlcmNhcmUxLmpwZyIsInNsaWRlc2hvdyI6IjA3NDdhMzQifQ%3D%3D\" href=\"https:\/\/www.schreinerei-stroeber.de\/wp-content\/uploads\/2026\/02\/Modell-Mastercare1.jpg\"><figure class=\"swiper-slide-inner\"><img decoding=\"async\" class=\"swiper-slide-image\" src=\"https:\/\/www.schreinerei-stroeber.de\/wp-content\/uploads\/2026\/02\/Modell-Mastercare1-300x300.jpg\" alt=\"Modell | Mastercare1\" \/><figcaption class=\"elementor-image-carousel-caption\">Modell | Mastercare1<\/figcaption><\/figure><\/a><\/div><div class=\"swiper-slide\" role=\"group\" aria-roledescription=\"slide\" aria-label=\"3 von 9\"><a data-elementor-open-lightbox=\"yes\" data-elementor-lightbox-slideshow=\"0747a34\" data-elementor-lightbox-title=\"Modell | Madras Orn 420490\" data-e-action-hash=\"#elementor-action%3Aaction%3Dlightbox%26settings%3DeyJpZCI6MTE5LCJ1cmwiOiJodHRwczpcL1wvd3d3LnNjaHJlaW5lcmVpLXN0cm9lYmVyLmRlXC93cC1jb250ZW50XC91cGxvYWRzXC8yMDI2XC8wMlwvTW9kZWxsLU1hZHJhcy1Pcm4tNDIwNDkwLmpwZyIsInNsaWRlc2hvdyI6IjA3NDdhMzQifQ%3D%3D\" href=\"https:\/\/www.schreinerei-stroeber.de\/wp-content\/uploads\/2026\/02\/Modell-Madras-Orn-420490.jpg\"><figure class=\"swiper-slide-inner\"><img decoding=\"async\" class=\"swiper-slide-image\" src=\"https:\/\/www.schreinerei-stroeber.de\/wp-content\/uploads\/2026\/02\/Modell-Madras-Orn-420490-300x300.jpg\" alt=\"Modell | Madras Orn 420490\" \/><figcaption class=\"elementor-image-carousel-caption\">Modell | Madras Orn 420490<\/figcaption><\/figure><\/a><\/div><div class=\"swiper-slide\" role=\"group\" aria-roledescription=\"slide\" aria-label=\"4 von 9\"><a data-elementor-open-lightbox=\"yes\" data-elementor-lightbox-slideshow=\"0747a34\" data-elementor-lightbox-title=\"Modell | Madras Diamante\" data-e-action-hash=\"#elementor-action%3Aaction%3Dlightbox%26settings%3DeyJpZCI6MTE4LCJ1cmwiOiJodHRwczpcL1wvd3d3LnNjaHJlaW5lcmVpLXN0cm9lYmVyLmRlXC93cC1jb250ZW50XC91cGxvYWRzXC8yMDI2XC8wMlwvTW9kZWxsLU1hZHJhcy1EaWFtYW50ZS5qcGciLCJzbGlkZXNob3ciOiIwNzQ3YTM0In0%3D\" href=\"https:\/\/www.schreinerei-stroeber.de\/wp-content\/uploads\/2026\/02\/Modell-Madras-Diamante.jpg\"><figure class=\"swiper-slide-inner\"><img decoding=\"async\" class=\"swiper-slide-image\" src=\"https:\/\/www.schreinerei-stroeber.de\/wp-content\/uploads\/2026\/02\/Modell-Madras-Diamante-300x300.jpg\" alt=\"Modell | Madras Diamante\" \/><figcaption class=\"elementor-image-carousel-caption\">Modell | Madras Diamante<\/figcaption><\/figure><\/a><\/div><div class=\"swiper-slide\" role=\"group\" aria-roledescription=\"slide\" aria-label=\"5 von 9\"><a data-elementor-open-lightbox=\"yes\" data-elementor-lightbox-slideshow=\"0747a34\" data-elementor-lightbox-title=\"Modell | Gotik\" data-e-action-hash=\"#elementor-action%3Aaction%3Dlightbox%26settings%3DeyJpZCI6MTE3LCJ1cmwiOiJodHRwczpcL1wvd3d3LnNjaHJlaW5lcmVpLXN0cm9lYmVyLmRlXC93cC1jb250ZW50XC91cGxvYWRzXC8yMDI2XC8wMlwvTW9kZWxsLUdvdGlrLmpwZyIsInNsaWRlc2hvdyI6IjA3NDdhMzQifQ%3D%3D\" href=\"https:\/\/www.schreinerei-stroeber.de\/wp-content\/uploads\/2026\/02\/Modell-Gotik.jpg\"><figure class=\"swiper-slide-inner\"><img decoding=\"async\" class=\"swiper-slide-image\" src=\"https:\/\/www.schreinerei-stroeber.de\/wp-content\/uploads\/2026\/02\/Modell-Gotik-300x300.jpg\" alt=\"Modell | Gotik\" \/><figcaption class=\"elementor-image-carousel-caption\">Modell | Gotik<\/figcaption><\/figure><\/a><\/div><div class=\"swiper-slide\" role=\"group\" aria-roledescription=\"slide\" aria-label=\"6 von 9\"><a data-elementor-open-lightbox=\"yes\" data-elementor-lightbox-slideshow=\"0747a34\" data-elementor-lightbox-title=\"Modell | Chinchilla\" data-e-action-hash=\"#elementor-action%3Aaction%3Dlightbox%26settings%3DeyJpZCI6MTE2LCJ1cmwiOiJodHRwczpcL1wvd3d3LnNjaHJlaW5lcmVpLXN0cm9lYmVyLmRlXC93cC1jb250ZW50XC91cGxvYWRzXC8yMDI2XC8wMlwvTW9kZWxsLUNoaW5jaGlsbGEuanBnIiwic2xpZGVzaG93IjoiMDc0N2EzNCJ9\" href=\"https:\/\/www.schreinerei-stroeber.de\/wp-content\/uploads\/2026\/02\/Modell-Chinchilla.jpg\"><figure class=\"swiper-slide-inner\"><img decoding=\"async\" class=\"swiper-slide-image\" src=\"https:\/\/www.schreinerei-stroeber.de\/wp-content\/uploads\/2026\/02\/Modell-Chinchilla-300x300.jpg\" alt=\"Modell | Chinchilla\" \/><figcaption class=\"elementor-image-carousel-caption\">Modell | Chinchilla<\/figcaption><\/figure><\/a><\/div><div class=\"swiper-slide\" role=\"group\" aria-roledescription=\"slide\" aria-label=\"7 von 9\"><a data-elementor-open-lightbox=\"yes\" data-elementor-lightbox-slideshow=\"0747a34\" data-elementor-lightbox-title=\"Modell | Madras Uadi\" data-e-action-hash=\"#elementor-action%3Aaction%3Dlightbox%26settings%3DeyJpZCI6OTkyLCJ1cmwiOiJodHRwczpcL1wvd3d3LnNjaHJlaW5lcmVpLXN0cm9lYmVyLmRlXC93cC1jb250ZW50XC91cGxvYWRzXC8yMDI2XC8wMlwvR2xhc2JpbGRlcl8wMDA5X0lNR182ODQuanBnIiwic2xpZGVzaG93IjoiMDc0N2EzNCJ9\" href=\"https:\/\/www.schreinerei-stroeber.de\/wp-content\/uploads\/2026\/02\/Glasbilder_0009_IMG_684.jpg\"><figure class=\"swiper-slide-inner\"><img decoding=\"async\" class=\"swiper-slide-image\" src=\"https:\/\/www.schreinerei-stroeber.de\/wp-content\/uploads\/2026\/02\/Glasbilder_0009_IMG_684-300x300.jpg\" alt=\"Modell | Madras Uadi\" \/><figcaption class=\"elementor-image-carousel-caption\">Modell | Madras Uadi<\/figcaption><\/figure><\/a><\/div><div class=\"swiper-slide\" role=\"group\" aria-roledescription=\"slide\" aria-label=\"8 von 9\"><a data-elementor-open-lightbox=\"yes\" data-elementor-lightbox-slideshow=\"0747a34\" data-elementor-lightbox-title=\"Modell | Satinato\" data-e-action-hash=\"#elementor-action%3Aaction%3Dlightbox%26settings%3DeyJpZCI6OTkxLCJ1cmwiOiJodHRwczpcL1wvd3d3LnNjaHJlaW5lcmVpLXN0cm9lYmVyLmRlXC93cC1jb250ZW50XC91cGxvYWRzXC8yMDI2XC8wMlwvR2xhc2JpbGRlcl8wMDA4X0lNR182ODM5LmpwZyIsInNsaWRlc2hvdyI6IjA3NDdhMzQifQ%3D%3D\" href=\"https:\/\/www.schreinerei-stroeber.de\/wp-content\/uploads\/2026\/02\/Glasbilder_0008_IMG_6839.jpg\"><figure class=\"swiper-slide-inner\"><img decoding=\"async\" class=\"swiper-slide-image\" src=\"https:\/\/www.schreinerei-stroeber.de\/wp-content\/uploads\/2026\/02\/Glasbilder_0008_IMG_6839-300x300.jpg\" alt=\"Modell | Satinato\" \/><figcaption class=\"elementor-image-carousel-caption\">Modell | Satinato<\/figcaption><\/figure><\/a><\/div><div class=\"swiper-slide\" role=\"group\" aria-roledescription=\"slide\" aria-label=\"9 von 9\"><a data-elementor-open-lightbox=\"yes\" data-elementor-lightbox-slideshow=\"0747a34\" data-elementor-lightbox-title=\"Modell | Barock\" data-e-action-hash=\"#elementor-action%3Aaction%3Dlightbox%26settings%3DeyJpZCI6OTkwLCJ1cmwiOiJodHRwczpcL1wvd3d3LnNjaHJlaW5lcmVpLXN0cm9lYmVyLmRlXC93cC1jb250ZW50XC91cGxvYWRzXC8yMDI2XC8wMlwvR2xhc2JpbGRlcl8wMDA3X0lNR182ODM4LnRpZi5qcGciLCJzbGlkZXNob3ciOiIwNzQ3YTM0In0%3D\" href=\"https:\/\/www.schreinerei-stroeber.de\/wp-content\/uploads\/2026\/02\/Glasbilder_0007_IMG_6838.tif.jpg\"><figure class=\"swiper-slide-inner\"><img decoding=\"async\" class=\"swiper-slide-image\" src=\"https:\/\/www.schreinerei-stroeber.de\/wp-content\/uploads\/2026\/02\/Glasbilder_0007_IMG_6838.tif-300x300.jpg\" alt=\"Modell | Barock\" \/><figcaption class=\"elementor-image-carousel-caption\">Modell | Barock<\/figcaption><\/figure><\/a><\/div>\t\t\t<\/div>\n\t\t\t\t\t\t\t\t\t\t\t\t<div class=\"elementor-swiper-button elementor-swiper-button-prev\" role=\"button\" tabindex=\"0\">\n\t\t\t\t\t\t<svg aria-hidden=\"true\" class=\"e-font-icon-svg e-eicon-chevron-left\" viewBox=\"0 0 1000 1000\" xmlns=\"http:\/\/www.w3.org\/2000\/svg\"><path d=\"M646 125C629 125 613 133 604 142L308 442C296 454 292 471 292 487 292 504 296 521 308 533L604 854C617 867 629 875 646 875 663 875 679 871 692 858 704 846 713 829 713 812 713 796 708 779 692 767L438 487 692 225C700 217 708 204 708 187 708 171 704 154 692 142 675 129 663 125 646 125Z\"><\/path><\/svg>\t\t\t\t\t<\/div>\n\t\t\t\t\t<div class=\"elementor-swiper-button elementor-swiper-button-next\" role=\"button\" tabindex=\"0\">\n\t\t\t\t\t\t<svg aria-hidden=\"true\" class=\"e-font-icon-svg e-eicon-chevron-right\" viewBox=\"0 0 1000 1000\" xmlns=\"http:\/\/www.w3.org\/2000\/svg\"><path d=\"M696 533C708 521 713 504 713 487 713 471 708 454 696 446L400 146C388 133 375 125 354 125 338 125 325 129 313 142 300 154 292 171 292 187 292 204 296 221 308 233L563 492 304 771C292 783 288 800 288 817 288 833 296 850 308 863 321 871 338 875 354 875 371 875 388 867 400 854L696 533Z\"><\/path><\/svg>\t\t\t\t\t<\/div>\n\t\t\t\t\n\t\t\t\t\t\t\t\t\t<div class=\"swiper-pagination\"><\/div>\n\t\t\t\t\t\t\t\t\t<\/div>\n\t\t\t\t\t\t<\/div>\n\t\t\t\t\t<\/div>\n\t\t<\/div>\n\t\t\t\t\t<\/div>\n\t\t<\/section>\n\t\t\t\t<\/div>\n\t\t","protected":false},"excerpt":{"rendered":"<p>Zimmert\u00fcren Zimmert\u00fcren pr\u00e4gen ma\u00dfgeblich den Stil Ihrer Wohnr\u00e4ume. Ob klassisch oder modern \u2013 Sie entscheiden, welche T\u00fcren zu Ihren vier W\u00e4nden passen. Die Schreinerei Str\u00f6ber bietet Ihnen eine gro\u00dfe Auswahl an Modellen in verschiedenen Designs und Preisklassen. Besonders gefragt sind moderne T\u00fcren mit naturbelassener Holzoberfl\u00e4che. Holz \u00fcberzeugt dabei nicht nur optisch, sondern auch durch seine [&hellip;]<\/p>\n","protected":false},"author":2,"featured_media":0,"parent":0,"menu_order":0,"comment_status":"closed","ping_status":"closed","template":"elementor_canvas","meta":{"footnotes":""},"class_list":["post-1016","page","type-page","status-publish","hentry"],"_links":{"self":[{"href":"https:\/\/www.schreinerei-stroeber.de\/index.php\/wp-json\/wp\/v2\/pages\/1016","targetHints":{"allow":["GET"]}}],"collection":[{"href":"https:\/\/www.schreinerei-stroeber.de\/index.php\/wp-json\/wp\/v2\/pages"}],"about":[{"href":"https:\/\/www.schreinerei-stroeber.de\/index.php\/wp-json\/wp\/v2\/types\/page"}],"author":[{"embeddable":true,"href":"https:\/\/www.schreinerei-stroeber.de\/index.php\/wp-json\/wp\/v2\/users\/2"}],"replies":[{"embeddable":true,"href":"https:\/\/www.schreinerei-stroeber.de\/index.php\/wp-json\/wp\/v2\/comments?post=1016"}],"version-history":[{"count":25,"href":"https:\/\/www.schreinerei-stroeber.de\/index.php\/wp-json\/wp\/v2\/pages\/1016\/revisions"}],"predecessor-version":[{"id":1133,"href":"https:\/\/www.schreinerei-stroeber.de\/index.php\/wp-json\/wp\/v2\/pages\/1016\/revisions\/1133"}],"wp:attachment":[{"href":"https:\/\/www.schreinerei-stroeber.de\/index.php\/wp-json\/wp\/v2\/media?parent=1016"}],"curies":[{"name":"wp","href":"https:\/\/api.w.org\/{rel}","templated":true}]}}